{"id":7673,"date":"2019-07-23T15:06:51","date_gmt":"2019-07-23T18:06:51","guid":{"rendered":"http:\/\/www.inf.ufes.br\/~jssalamon\/?page_id=7673"},"modified":"2019-11-20T19:30:48","modified_gmt":"2019-11-20T22:30:48","slug":"programacao-iii","status":"publish","type":"page","link":"https:\/\/www.inf.ufes.br\/~jssalamon\/index.php\/ensino\/programacao-iii\/","title":{"rendered":"Programa\u00e7\u00e3o III"},"content":{"rendered":"<h3>Programa da Disciplina<\/h3>\n<p><a href=\"http:\/\/www.inf.ufes.br\/~jssalamon\/wp-content\/uploads\/disciplinas\/prog3\/INF09331-ProgramacaoIII-2019-2.pdf\">Programa Detalhado da Disciplina<\/a><\/p>\n<p><a href=\"http:\/\/www.inf.ufes.br\/~jssalamon\/wp-content\/uploads\/disciplinas\/prog3\/CRONOGRAMA%20DA%20DISCIPLINA.pdf\">Cronograma Detalhado da Disciplina<\/a><\/p>\n<p><span style=\"font-size: 14pt;\"><strong>Datas Importantes<\/strong><\/span><\/p>\n<table style=\"height: 120px;\">\n<tbody>\n<tr style=\"height: 24px;\">\n<td style=\"width: 184px; height: 24px;\">29\/10\/2019<\/td>\n<td style=\"width: 376px; height: 24px;\">Entrega do Primeiro Trabalho<\/td>\n<\/tr>\n<tr style=\"height: 24px;\">\n<td style=\"width: 184px; height: 24px;\">03\/12\/2019<\/td>\n<td style=\"width: 376px; height: 24px;\">Entrega do Segundo Trabalho<\/td>\n<\/tr>\n<tr style=\"height: 24px;\">\n<td style=\"width: 184px; height: 24px;\">05\/12\/2019<\/td>\n<td style=\"width: 376px; height: 24px;\">Prova<\/td>\n<\/tr>\n<tr style=\"height: 24px;\">\n<td style=\"width: 184px; height: 24px;\">17\/12\/2019<\/td>\n<td style=\"width: 376px; height: 24px;\">Prova Final<\/td>\n<\/tr>\n<tr style=\"height: 24px;\">\n<td style=\"width: 184px; height: 24px;\">\u00a0<\/td>\n<td style=\"width: 376px; height: 24px;\">\u00a0<\/td>\n<\/tr>\n<\/tbody>\n<\/table>\n<h3>Contato do Monitor da Disciplina<\/h3>\n<p>Monitor da Disciplina: Gabriel Nogueira<br \/>E-mail: gabrielgoncalvesnogueira@gmail.com<br \/>Local de Atendimento: NEMO, CT-7 sala 11<br \/>Agendamento: Enviar um e-mail para o monitor para agendar um hor\u00e1rio.<\/p>\n<p>Hor\u00e1rios pr\u00e9-definidos: quarta-feira at\u00e9 17hrs e sexta de 13hrs at\u00e9 17hrs<\/p>\n<h3><span style=\"font-size: 14pt;\">Material<\/span><\/h3>\n<ul>\n<li>Encontra-se dispon\u00edvel a biblioteca <a href=\"https:\/\/github.com\/vitorsouza\/cpp-utils\">cpp-utils<\/a>. Para obt\u00ea-lo como projeto no Eclipse e executar o programa de testes, siga os seguintes <a href=\"http:\/\/www.inf.ufes.br\/~jssalamon\/wp-content\/uploads\/disciplinas\/prog3\/utils-cpp-passos.txt\">passos<\/a>.<\/li>\n<li><a href=\"http:\/\/www.inf.ufes.br\/~jssalamon\/wp-content\/uploads\/disciplinas\/prog3\/codigos\/lista1.zip\">C\u00f3digo da Lista 1<\/a><\/li>\n<li><a href=\"http:\/\/www.inf.ufes.br\/~jssalamon\/wp-content\/uploads\/disciplinas\/prog3\/codigos\/lista2.zip\">C\u00f3digo da Lista 2<\/a><\/li>\n<li><a href=\"http:\/\/www.inf.ufes.br\/~jssalamon\/wp-content\/uploads\/disciplinas\/prog3\/codigos\/lista3.zip\">C\u00f3digo da Lista 3<\/a><\/li>\n<\/ul>\n<h4><span style=\"font-size: 14pt;\">Aulas<\/span><\/h4>\n<ul style=\"list-style-type: disc;\">\n<li><a href=\"http:\/\/www.inf.ufes.br\/~jssalamon\/wp-content\/uploads\/disciplinas\/prog3\/slides\/Slide%201%20-%20Apresenta%C3%A7%C3%A3o.pdf\">Apresenta\u00e7\u00e3o<\/a><\/li>\n<li><a href=\"http:\/\/www.inf.ufes.br\/~jssalamon\/wp-content\/uploads\/disciplinas\/prog3\/slides\/Slide%202%20-%20Introdu%C3%A7%C3%A3o%20a%20POO%20e%20Diagrama%20de%20Classes.pdf\">Introdu\u00e7\u00e3o a Orienta\u00e7\u00e3o a Objetos<\/a><\/li>\n<li><a href=\"http:\/\/www.inf.ufes.br\/~jssalamon\/wp-content\/uploads\/disciplinas\/prog3\/slides\/Slide%203%20-%20Introdu%C3%A7%C3%A3o%20a%20C%2B%2B.pdf\">Introdu\u00e7\u00e3o a C++<\/a><\/li>\n<li><a href=\"http:\/\/www.inf.ufes.br\/~jssalamon\/wp-content\/uploads\/disciplinas\/prog3\/slides\/Slide%204%20-%20Modulariza%C3%A7%C3%A3o%2C%20Modificador%20de%20Acesso%2C%20Fun%C3%A7%C3%B5es%20Amigas%20-%20C%2B%2B.pdf\">Modulariza\u00e7\u00e3o, Modificador de Acesso, Fun\u00e7\u00f5es Amigas<\/a><\/li>\n<li><a href=\"http:\/\/www.inf.ufes.br\/~jssalamon\/wp-content\/uploads\/disciplinas\/prog3\/slides\/Slide%205%20-%20Atributos%20e%20Met%C3%B3dos%20Estaticos%2C%20Heran%C3%A7a%20Simples.pdf\">Atributos e Met\u00f3dos Estaticos, Heran\u00e7a Simples<\/a><\/li>\n<li><a href=\"http:\/\/www.inf.ufes.br\/~jssalamon\/wp-content\/uploads\/disciplinas\/prog3\/slides\/Slide%206%20-%20Heran%C3%A7a%20M%C3%BAltipla%20e%20Polimorfismo.pdf\">Heran\u00e7a M\u00faltipla e Polimorfismo<\/a><\/li>\n<li><a href=\"http:\/\/www.inf.ufes.br\/~jssalamon\/wp-content\/uploads\/disciplinas\/prog3\/slides\/Slide%207%20-%20Classes%20Abstratas%2C%20Interfaces%2C%20Classes%20Enumeradas%2C%20Classes%20Internas.pdf\">Classes Abstratas, Interfaces, Classes Enumeradas, Classes Internas<\/a><\/li>\n<li><a href=\"http:\/\/www.inf.ufes.br\/~jssalamon\/wp-content\/uploads\/disciplinas\/prog3\/slides\/Slide%207.1%20-%20Namespaces.pdf\">Namespaces<\/a><\/li>\n<li><a href=\"http:\/\/www.inf.ufes.br\/~jssalamon\/wp-content\/uploads\/disciplinas\/prog3\/slides\/Slide%208%20-%20M%C3%A9todos%20e%20Classes%20Gen%C3%A9ricos.pdf\">M\u00e9todos e Classes Gen\u00e9ricos<\/a><\/li>\n<li><a href=\"http:\/\/www.inf.ufes.br\/~jssalamon\/wp-content\/uploads\/disciplinas\/prog3\/slides\/Slide%209%20-%20Arquivos.pdf\">Arquivos<\/a><\/li>\n<li><a href=\"http:\/\/www.inf.ufes.br\/~jssalamon\/wp-content\/uploads\/disciplinas\/prog3\/slides\/Slide%2010%20-%20Exce%C3%A7%C3%B5es%20e%20Sinais.pdf\">Exce\u00e7\u00f5es e Sinais<\/a><\/li>\n<li><a href=\"http:\/\/www.inf.ufes.br\/~jssalamon\/wp-content\/uploads\/disciplinas\/prog3\/slides\/Slide%2011%20-%20STL.pdf\">STL<\/a> \u00a0(Obtido do site da disciplina de Estrutura de Dados Avan\u00e7ada da PUC-Rio <a href=\"http:\/\/webserver2.tecgraf.puc-rio.br\/eda\/\">http:\/\/webserver2.tecgraf.puc-rio.br\/eda\/<\/a>)<\/li>\n<li><a href=\"http:\/\/www.inf.ufes.br\/~jssalamon\/wp-content\/uploads\/disciplinas\/prog3\/slides\/Slide%2012%20-%20Introdu%C3%A7%C3%A3o%20a%20Java.pdf\">Introdu\u00e7\u00e3o a Java<\/a><\/li>\n<li><a href=\"http:\/\/www.inf.ufes.br\/~jssalamon\/wp-content\/uploads\/disciplinas\/prog3\/slides\/Slide%2013%20-%20Heran%C3%A7a%20%2B%20Polimorfismo%20em%20Java.pdf\">Heran\u00e7a e Polimorfismo em Java<\/a><\/li>\n<li><a href=\"http:\/\/www.inf.ufes.br\/~jssalamon\/wp-content\/uploads\/disciplinas\/prog3\/slides\/Slide%2014%20-%20Interfaces%20em%20Java.pdf\">Interfaces em Java<\/a><\/li>\n<li><a href=\"http:\/\/www.inf.ufes.br\/~jssalamon\/wp-content\/uploads\/disciplinas\/prog3\/slides\/Slide%2015%20-%20Generics%20em%20Java.pdf\">Generics em Java<\/a> (Obtido do site da disciplina de Programa\u00e7\u00e3o Orientada a Objetos da Universidade Federal de Itajub\u00e1 <a href=\"https:\/\/homepages.dcc.ufmg.br\/~fsantos\/ECO030\/\">https:\/\/homepages.dcc.ufmg.br\/~fsantos\/ECO030\/<\/a>)<\/li>\n<li><a href=\"http:\/\/www.inf.ufes.br\/~jssalamon\/wp-content\/uploads\/disciplinas\/prog3\/slides\/Slide%2016%20-%20Collections%20em%20Java.pdf\">Collections em Java<\/a> (Obtido do site da disciplina de Programa\u00e7\u00e3o Orientada a Objetos da Universidade Federal de Itajub\u00e1 <a href=\"https:\/\/homepages.dcc.ufmg.br\/~fsantos\/ECO030\/\">https:\/\/homepages.dcc.ufmg.br\/~fsantos\/ECO030\/<\/a>)<\/li>\n<li><a href=\"http:\/\/www.inf.ufes.br\/~vitorsouza\/wp-content\/uploads\/java-br-curso-basico-2018-slides08.pdf\">Exce\u00e7\u00f5es em Java<\/a><\/li>\n<li><a href=\"http:\/\/www.inf.ufes.br\/~vitorsouza\/wp-content\/uploads\/java-br-curso-basico-2018-slides09.pdf\">Modularizando o programa<\/a><\/li>\n<li><a href=\"http:\/\/www.inf.ufes.br\/~vitorsouza\/wp-content\/uploads\/java-br-curso-basico-2018-slides10.pdf\">Utilit\u00e1rios da API Java<\/a><\/li>\n<li><a href=\"http:\/\/www.inf.ufes.br\/~jssalamon\/wp-content\/uploads\/disciplinas\/prog3\/slides\/Slides-ProgIII-19-11.pdf\">Tutorial Spring<\/a><\/li>\n<\/ul>\n<h4><span style=\"font-size: 14pt;\">Listas de Exerc\u00edcios<\/span><\/h4>\n<ol>\n<li><a href=\"http:\/\/www.inf.ufes.br\/~jssalamon\/wp-content\/uploads\/disciplinas\/prog3\/exercicios\/PRIMEIRA%20LISTA%20DE%20LABORAT%C3%93RIO%20DE%20PROGRAMA%C3%87%C3%83O%20III.pdf\">Primeira Lista de Exerc\u00edcios<\/a><\/li>\n<li><a href=\"http:\/\/www.inf.ufes.br\/~jssalamon\/wp-content\/uploads\/disciplinas\/prog3\/exercicios\/Segunda%20Lista%20de%20Laborat%C3%B3rio%20de%20Programa%C3%A7%C3%A3o%20III.pdf\">Segunda Lista de Exerc\u00edcios<\/a><\/li>\n<li><a href=\"http:\/\/www.inf.ufes.br\/~jssalamon\/wp-content\/uploads\/disciplinas\/prog3\/exercicios\/Terceira%20Lista%20de%20Programa%C3%A7%C3%A3o%20III.pdf\">Terceira Lista de Exerc\u00edcios<\/a><\/li>\n<li><a href=\"http:\/\/www.inf.ufes.br\/~jssalamon\/wp-content\/uploads\/disciplinas\/prog3\/exercicios\/Quarta%20Lista%20de%20Programa%C3%A7%C3%A3o%20III.pdf\">Quarta Lista de Exerc\u00edcios<\/a><\/li>\n<li><a href=\"http:\/\/www.inf.ufes.br\/~jssalamon\/wp-content\/uploads\/disciplinas\/prog3\/exercicios\/Quinta%20Lista%20de%20Laborat%C3%B3rio%20de%20Programa%C3%A7%C3%A3o%20III.pdf\">Quinta Lista de Exerc\u00edcios<\/a><\/li>\n<li><a href=\"http:\/\/www.inf.ufes.br\/~jssalamon\/wp-content\/uploads\/disciplinas\/prog3\/exercicios\/Sexta%20Lista%20de%20Programa%C3%A7%C3%A3o%20III.pdf\">Sexta Lista de Exerc\u00edcios<\/a><\/li>\n<li><a href=\"http:\/\/www.inf.ufes.br\/~jssalamon\/wp-content\/uploads\/disciplinas\/prog3\/exercicios\/Sexta%20Lista%20de%20Programa%C3%A7%C3%A3o%20III%20-%20Resolu%C3%A7%C3%A3o.pdf\">Resolu\u00e7\u00e3o da Sexta Lista<\/a><\/li>\n<li><a href=\"http:\/\/www.inf.ufes.br\/~jssalamon\/wp-content\/uploads\/disciplinas\/prog3\/exercicios\/S%C3%A9tima%20Lista%20de%20Programa%C3%A7%C3%A3o%20III.pdf\">S\u00e9tima Lista de Exerc\u00edcios<\/a><\/li>\n<li><a href=\"http:\/\/www.inf.ufes.br\/~jssalamon\/wp-content\/uploads\/disciplinas\/prog3\/exercicios\/S%C3%A9tima%20Lista%20de%20Programa%C3%A7%C3%A3o%20III%20-%20Resolu%C3%A7%C3%A3o.pdf\">Resolu\u00e7\u00e3o da S\u00e9tima Lista de Exerc\u00edcios<\/a><\/li>\n<li>Oitava Lista de Exerc\u00edcios<\/li>\n<li>Nona Lista de Exerc\u00edcios<\/li>\n<\/ol>\n<h3><span style=\"font-size: 14pt;\">Especifica\u00e7\u00e3o do Trabalho<\/span><\/h3>\n<p><a href=\"http:\/\/www.inf.ufes.br\/~jssalamon\/wp-content\/uploads\/disciplinas\/prog3\/trabalho\/CPP\/Trabalho_PROG3.pdf\">Especifica\u00e7\u00e3o do Primeiro Trabalho<\/a><\/p>\n<p><a href=\"http:\/\/www.inf.ufes.br\/~jssalamon\/wp-content\/uploads\/disciplinas\/prog3\/trabalho\/CPP\/Figura.png\">Figura<\/a><\/p>\n<p><a href=\"http:\/\/www.inf.ufes.br\/~jssalamon\/wp-content\/uploads\/disciplinas\/prog3\/trabalho\/CPP\/entradas1.zip\">Entradas do Primeiro Trabalho<\/a><\/p>\n<p><a href=\"http:\/\/www.inf.ufes.br\/~jssalamon\/wp-content\/uploads\/disciplinas\/prog3\/trabalho\/CPP\/saidas2.zip\">Sa\u00eddas do Primeiro Trabalho<\/a><\/p>\n<p><a href=\"http:\/\/www.inf.ufes.br\/~jssalamon\/wp-content\/uploads\/disciplinas\/prog3\/trabalho\/Java\/Prog3-Especifica%C3%A7%C3%A3o%20do%20Trabalho_Java.pdf\">Especifica\u00e7\u00e3o do Segundo Trabalho<\/a><\/p>\n<p><a href=\"http:\/\/www.inf.ufes.br\/~jssalamon\/wp-content\/uploads\/disciplinas\/prog3\/trabalho\/Java\/Novas%20entradas.zip\">Bateria de Testes do Segundo Trabalho<\/a><\/p>\n<p><span style=\"color: #339966;\">Todo o material aqui disponibilizado \u00e9 uma adapta\u00e7\u00e3o feita pela profa. Jordana S. Salamon a partir do conte\u00fado dos slides da disciplina de Programa\u00e7\u00e3o 3 elaborados pelos profs. Jo\u00e3o Paulo Almeida (<a href=\"https:\/\/nemo.inf.ufes.br\/jpalmeida\/\">https:\/\/nemo.inf.ufes.br\/jpalmeida\/<\/a>) e Vitor E. Silva Souza (<a href=\"http:\/\/www.inf.ufes.br\/~vitorsouza\/\">http:\/\/www.inf.ufes.br\/~vitorsouza\/<\/a>) e da disciplina Programa\u00e7\u00e3o Aplicada de Computadores elaborados pelo prof. Gabriel Martins Miranda <a href=\"http:\/\/inf.ufes.br\/~gmmiranda\">(http:\/\/inf.ufes.br\/~gmmiranda<\/a>) para a disciplina de Programa\u00e7\u00e3o III ministrada no curso de Ci\u00eancia da Computa\u00e7\u00e3o da UFES.<\/span><\/p>\n\n\n<p><\/p>\n","protected":false},"excerpt":{"rendered":"<p>Programa da Disciplina Programa Detalhado da Disciplina Cronograma Detalhado da Disciplina Datas Importantes 29\/10\/2019 Entrega do Primeiro Trabalho 03\/12\/2019 Entrega do Segundo Trabalho 05\/12\/2019 Prova 17\/12\/2019 Prova Final \u00a0 \u00a0 Contato do Monitor da Disciplina Monitor da Disciplina: Gabriel NogueiraE-mail: gabrielgoncalvesnogueira@gmail.comLocal de Atendimento: NEMO, CT-7 sala 11Agendamento: Enviar um e-mail para o monitor para agendar &#8230; <a href=\"https:\/\/www.inf.ufes.br\/~jssalamon\/index.php\/ensino\/programacao-iii\/\" class=\"more-link text-uppercase small\"><strong>Continue Reading<\/strong> <i class=\"fa fa-angle-double-right\" aria-hidden=\"true\"><\/i><\/a><\/p>\n","protected":false},"author":1,"featured_media":0,"parent":254,"menu_order":0,"comment_status":"closed","ping_status":"closed","template":"","meta":[],"_links":{"self":[{"href":"https:\/\/www.inf.ufes.br\/~jssalamon\/index.php\/wp-json\/wp\/v2\/pages\/7673"}],"collection":[{"href":"https:\/\/www.inf.ufes.br\/~jssalamon\/index.php\/wp-json\/wp\/v2\/pages"}],"about":[{"href":"https:\/\/www.inf.ufes.br\/~jssalamon\/index.php\/wp-json\/wp\/v2\/types\/page"}],"author":[{"embeddable":true,"href":"https:\/\/www.inf.ufes.br\/~jssalamon\/index.php\/wp-json\/wp\/v2\/users\/1"}],"replies":[{"embeddable":true,"href":"https:\/\/www.inf.ufes.br\/~jssalamon\/index.php\/wp-json\/wp\/v2\/comments?post=7673"}],"version-history":[{"count":37,"href":"https:\/\/www.inf.ufes.br\/~jssalamon\/index.php\/wp-json\/wp\/v2\/pages\/7673\/revisions"}],"predecessor-version":[{"id":25393,"href":"https:\/\/www.inf.ufes.br\/~jssalamon\/index.php\/wp-json\/wp\/v2\/pages\/7673\/revisions\/25393"}],"up":[{"embeddable":true,"href":"https:\/\/www.inf.ufes.br\/~jssalamon\/index.php\/wp-json\/wp\/v2\/pages\/254"}],"wp:attachment":[{"href":"https:\/\/www.inf.ufes.br\/~jssalamon\/index.php\/wp-json\/wp\/v2\/media?parent=7673"}],"curies":[{"name":"wp","href":"https:\/\/api.w.org\/{rel}","templated":true}]}}